{"version":"0.4","title":"G1","type":"page","content":[{"id":"315e1f22","settings":{"layout":"full_width","structure":"30"},"elements":[{"id":"72716626","settings":{"_column_size":33,"_inline_size":null},"elements":[{"id":"769e616d","settings":{"editor":"<p style=\"text-align: left;\"><span style=\"color: #0000ff;\"><span style=\"color: #005cef;\">noticias\u00a0<\/span> <span style=\"color: #c4170c;\">Gn\u00a0<span style=\"color: #008000;\"> ge\u00a0 <span style=\"color: #ff6600;\">show\u00a0<span style=\"color: #005cef;\"> v\u00eddeos<\/span><\/span><\/span><\/span><\/span><\/p>","align":"left","typography_typography":"custom","typography_font_family":"Arial","typography_font_size":{"unit":"px","size":14,"sizes":[]},"typography_font_weight":"900"},"elements":[],"isInner":false,"widgetType":"text-editor","elType":"widget"}],"isInner":false,"elType":"column"},{"id":"1c532c7f","settings":{"_column_size":33,"_inline_size":null},"elements":[],"isInner":false,"elType":"column"},{"id":"7fa09c71","settings":{"_column_size":33,"_inline_size":null,"margin":{"unit":"px","top":"0","right":"0","bottom":"0","left":"0","isLinked":false},"padding":{"unit":"px","top":"0","right":"0","bottom":"0","left":"0","isLinked":false}},"elements":[{"id":"17d1c113","settings":{"editor":"<p style=\"text-align: center;\"><span style=\"color: #999999;\">ASSINE J\u00c1\u00a0 MINHA CONTA\u00a0 E-MAIL\u00a0 ENTRAR<\/span><\/p>","align":"right","typography_typography":"custom","typography_font_family":"Inter","typography_font_weight":"300","_margin":{"unit":"px","top":"6","right":"0","bottom":"0","left":"0","isLinked":false},"_padding":{"unit":"px","top":"0","right":"0","bottom":"0","left":"0","isLinked":false},"hide_mobile":"hidden-phone"},"elements":[],"isInner":false,"widgetType":"text-editor","elType":"widget"}],"isInner":false,"elType":"column"}],"isInner":false,"elType":"section"},{"id":"420abb0e","settings":{"layout":"full_width","gap":"extended","structure":"30","background_background":"classic","background_image":{"url":"https:\/\/bumbeat.com\/wp-content\/uploads\/2020\/11\/gnewss.png","id":1010},"background_position":"center left","background_repeat":"no-repeat","margin":{"unit":"px","top":"0","right":0,"bottom":"0","left":0,"isLinked":false},"padding":{"unit":"px","top":"0","right":"0","bottom":"0","left":"0","isLinked":false},"content_width":{"unit":"px","size":1600,"sizes":[]},"background_size":"cover"},"elements":[{"id":"ea31476","settings":{"_column_size":33,"_inline_size":null},"elements":[],"isInner":false,"elType":"column"},{"id":"254a2d57","settings":{"_column_size":33,"_inline_size":null},"elements":[{"id":"4b28617c","settings":{"title":"EDUCA\u00c7\u00c3O ","align":"center","align_mobile":"center","title_color":"#FFFFFF","typography_typography":"custom","typography_font_family":"Open Sans","typography_font_size":{"unit":"px","size":32,"sizes":[]},"typography_font_size_mobile":{"unit":"px","size":22,"sizes":[]},"typography_font_weight":"500"},"elements":[],"isInner":false,"widgetType":"heading","elType":"widget"}],"isInner":false,"elType":"column"},{"id":"1f89b7fc","settings":{"_column_size":33,"_inline_size":null},"elements":[],"isInner":false,"elType":"column"}],"isInner":false,"elType":"section"},{"id":"2ae8559d","settings":[],"elements":[{"id":"3aab59b4","settings":{"_column_size":100,"_inline_size":null},"elements":[{"id":"19d7257f","settings":{"space":{"unit":"px","size":45,"sizes":[]}},"elements":[],"isInner":false,"widgetType":"spacer","elType":"widget"}],"isInner":false,"elType":"column"}],"isInner":false,"elType":"section"},{"id":"f13ee6e","settings":{"structure":"30","margin_mobile":{"unit":"px","top":"-41","right":0,"bottom":"0","left":0,"isLinked":false},"padding_mobile":{"unit":"px","top":"0","right":"0","bottom":"0","left":"0","isLinked":false}},"elements":[{"id":"3161e6e6","settings":{"_column_size":33,"_inline_size":8.9350000000000004973799150320701301097869873046875},"elements":[],"isInner":false,"elType":"column"},{"id":"79d6571c","settings":{"_column_size":33,"_inline_size":81.748999999999995225152815692126750946044921875},"elements":[{"id":"1a266828","settings":{"title":"Jovem da regi\u00e3o mais podre do Brasil fica milion\u00e1rio e volta para contar o segredo para seus amigos de inf\u00e2ncia","align":"left","title_color":"#111111","typography_typography":"custom","typography_font_family":"Open Sans","typography_font_size":{"unit":"px","size":56,"sizes":[]},"typography_font_size_mobile":{"unit":"px","size":32,"sizes":[]}},"elements":[],"isInner":false,"widgetType":"heading","elType":"widget"},{"id":"71105fe","settings":{"title":"\u00cdndices educacionais apresentam dados piores no recorte por pretos e pardos se comparados a brancos. Especialistas defendem que mudan\u00e7a no ensino pode melhorar a autoestima dos alunos e a identifica\u00e7\u00e3o com a escola.","header_size":"span","typography_typography":"custom","typography_font_family":"Open Sans","typography_font_size":{"unit":"px","size":20,"sizes":[]},"typography_font_weight":"400","_margin":{"unit":"px","top":"20","right":"0","bottom":"0","left":"0","isLinked":false},"_padding":{"unit":"px","top":"0","right":"0","bottom":"0","left":"0","isLinked":false},"__globals__":{"title_color":"globals\/colors?id=text"}},"elements":[],"isInner":false,"widgetType":"heading","elType":"widget"},{"id":"2b2ba559","settings":{"editor":"<p><strong>Por Arnaldo Aurol, n1 <img class=\"alignright\" src=\"https:\/\/imagepng.org\/wp-content\/uploads\/2018\/08\/twitter-icone-4.png\" alt=\"Twitter \u00cdcone - PNG Transparent - Image PNG\" width=\"25\" height=\"25\" \/> <img class=\"alignright\" src=\"https:\/\/images.vexels.com\/media\/users\/3\/137253\/isolated\/preview\/90dd9f12fdd1eefb8c8976903944c026-logotipo-do---cone-do-facebook-by-vexels.png\" alt=\"Logotipo do \u00edcone do Facebook - Baixar PNG\/SVG Transparente\" width=\"26\" height=\"26\" \/><\/strong><\/p>\n<p>20\/11\/2020 05h01 Atualizado h\u00e1 uma hora<\/p>\n<p><span style=\"color: #ccffcc;\">________________________________________________________________________________________________________________________________________<\/span><\/p>","typography_typography":"custom","typography_font_family":"Open Sans","typography_font_size":{"unit":"px","size":14,"sizes":[]},"_margin":{"unit":"px","top":"11","right":"0","bottom":"0","left":"0","isLinked":false},"_padding":{"unit":"px","top":"0","right":"0","bottom":"0","left":"0","isLinked":false},"__globals__":{"text_color":"globals\/colors?id=text"}},"elements":[],"isInner":false,"widgetType":"text-editor","elType":"widget"},{"id":"1c9a222e","settings":{"space":{"unit":"px","size":42,"sizes":[]}},"elements":[],"isInner":false,"widgetType":"spacer","elType":"widget"}],"isInner":false,"elType":"column"},{"id":"7ce3e114","settings":{"_column_size":33,"_inline_size":8.981999999999999317878973670303821563720703125},"elements":[],"isInner":false,"elType":"column"}],"isInner":false,"elType":"section"},{"id":"7110d197","settings":{"structure":"30"},"elements":[{"id":"635dea81","settings":{"_column_size":33,"_inline_size":8.839999999999999857891452847979962825775146484375},"elements":[],"isInner":false,"elType":"column"},{"id":"60ac225f","settings":{"_column_size":33,"_inline_size":81.844999999999998863131622783839702606201171875},"elements":[{"id":"7473ad4e","settings":{"image":{"url":"https:\/\/bumbeat.com\/wp-content\/uploads\/2020\/11\/maxresdefault-1.jpg","id":1150},"caption_source":"custom","caption":"Acesso de negros a escola - foto picture aliiance","caption_background_color":"#F8F7F700","caption_typography_typography":"custom","caption_typography_font_family":"Open Sans","caption_typography_font_size":{"unit":"px","size":12,"sizes":[]},"__globals__":{"caption_background_color":"","text_color":"globals\/colors?id=text"}},"elements":[],"isInner":false,"widgetType":"image","elType":"widget"}],"isInner":false,"elType":"column"},{"id":"3941ced5","settings":{"_column_size":33,"_inline_size":8.9789999999999992041921359486877918243408203125},"elements":[],"isInner":false,"elType":"column"}],"isInner":false,"elType":"section"},{"id":"36745a68","settings":{"structure":"30"},"elements":[{"id":"41e5f9a8","settings":{"_column_size":33,"_inline_size":14.0679999999999996163069226895458996295928955078125},"elements":[],"isInner":false,"elType":"column"},{"id":"60411ab5","settings":{"_column_size":33,"_inline_size":66.54099999999999681676854379475116729736328125},"elements":[{"id":"505b7143","settings":{"space":{"unit":"px","size":32,"sizes":[]}},"elements":[],"isInner":false,"widgetType":"spacer","elType":"widget"},{"id":"1ba8b17e","settings":{"editor":"<div class=\"mc-column content-text active-extra-styles \" data-block-type=\"unstyled\" data-block-weight=\"44\" data-block-id=\"2\"><p class=\"content-text__container \" data-track-category=\"Link no Texto\" data-track-links=\"\">\u201cUm dia, um pai nos procurou, <img class=\"alignright\" src=\"https:\/\/d1csarkz8obe9u.cloudfront.net\/posterpreviews\/black-friday-sale-instagram-ads-design-template-2e3d9400da3b0537adbbb64fb8f3aa9e_screen.jpg?ts=1596768597\" alt=\"Black Friday Sale Instagram ads Modelo | PosterMyWall\" width=\"240\" height=\"240\" \/>chorando. Disse que o filho de 4 anos n\u00e3o queria ir para a escola, porque\u00a0<span class=\"highlight highlighted\">o amigo falou que n\u00e3o gosta de sentar perto de crian\u00e7a preta<\/span>\u201d, afirma Humberto Baltar, professor e idealizador do coletivo Pais Pretos Presentes.<\/p><\/div><div class=\"wall protected-content\"><div class=\"mc-column content-text active-extra-styles \" data-block-type=\"unstyled\" data-block-weight=\"39\" data-block-id=\"3\"><p class=\"content-text__container \" data-track-category=\"Link no Texto\" data-track-links=\"\">\u201c<span class=\"highlight highlighted\">Tenho uma aluna negra, pequena, que \u00e9 chamada de urubu pelos colegas. Outro, de macaco. Outro, tem o apelido de negresco<\/span>\u201d, revela a professora Lidiane Lima, uma das 10 vencedoras do pr\u00eamio Educador Nota 10, da edi\u00e7\u00e3o de 2020.<\/p><\/div><div class=\"mc-column content-text active-extra-styles \" data-block-type=\"unstyled\" data-block-weight=\"27\" data-block-id=\"4\"><p class=\"content-text__container \" data-track-category=\"Link no Texto\" data-track-links=\"\">A educa\u00e7\u00e3o no Brasil \u00e9 um direito constitucional, garantido a todos. Mas, para as crian\u00e7as negras do pa\u00eds, h\u00e1 desafios particulares que ainda precisam ser enfrentados.<\/p><\/div><div class=\"mc-column content-text active-extra-styles \" data-block-type=\"unstyled\" data-block-weight=\"34\" data-block-id=\"5\"><p class=\"content-text__container \" data-track-category=\"Link no Texto\" data-track-links=\"\">Embora\u00a0<span class=\"highlight highlighted\">a presen\u00e7a de negros (pretos e pardos) em escolas do pa\u00eds tenha crescido 10 pontos percentuais nos \u00faltimos dez anos\u00a0<\/span><em>(veja gr\u00e1fico abaixo)<\/em>, as\u00a0<span class=\"highlight highlighted\">diferen\u00e7as raciais nos \u00edndices de educa\u00e7\u00e3o ainda s\u00e3o frequentes<\/span>:<\/p><p class=\"content-text__container \" data-track-category=\"Link no Texto\" data-track-links=\"\">\u00a0<\/p><\/div><div class=\"mc-column content-text active-extra-styles\" data-block-type=\"raw\" data-block-weight=\"124\" data-block-id=\"6\"><ul class=\"content-unordered-list\"><li><strong>Evas\u00e3o:\u00a0<\/strong>a propor\u00e7\u00e3o de jovens de 15 a 29 anos que n\u00e3o conclu\u00edram o ensino m\u00e9dio e n\u00e3o estudavam em 2019 era\u00a0<span class=\"highlight highlighted\">maior entre pretos e pardos (55,4%)\u00a0<\/span>do que entre brancos (43,4%).<\/li><li><strong>Anos de estudo:\u00a0<\/strong><span class=\"highlight highlighted\">pretos e pardos t\u00eam menos anos de estudo (8,6)<\/span>, em m\u00e9dia, se comparado aos brancos (10,4).<\/li><li><strong>Reprova\u00e7\u00e3o:<\/strong>\u00a0\u00e9\u00a0<span class=\"highlight highlighted\">menor a propor\u00e7\u00e3o de pretos e pardos que estudam na s\u00e9rie correta de acordo com a idade (85,8%)<\/span>. Entre alunos brancos, o percentual \u00e9 de 90,4%.<\/li><li><strong>Analfabetismo:<\/strong>\u00a0a falta de acesso \u00e0 educa\u00e7\u00e3o \u00e9 mais frequente tamb\u00e9m entre negros. O \u00edndice daqueles que\u00a0<span class=\"highlight highlighted\">n\u00e3o sabem ler e escrever \u00e9 maior na popula\u00e7\u00e3o negra (8,9%)<\/span>, do que na branca (3,6%). Os dados s\u00e3o do Instituto Brasileiro de Geografia e Estat\u00edstica (IBGE).<\/li><\/ul><\/div><\/div>","typography_typography":"custom","typography_font_family":"Open Sans","typography_font_size":{"unit":"px","size":20,"sizes":[]},"__globals__":{"text_color":"globals\/colors?id=secondary"}},"elements":[],"isInner":false,"widgetType":"text-editor","elType":"widget"}],"isInner":false,"elType":"column"},{"id":"7f2712ac","settings":{"_column_size":33,"_inline_size":19.05499999999999971578290569595992565155029296875},"elements":[],"isInner":false,"elType":"column"}],"isInner":false,"elType":"section"},{"id":"6b9d96bc","settings":{"structure":"30"},"elements":[{"id":"4db5e926","settings":{"_column_size":33,"_inline_size":12.071999999999999175770426518283784389495849609375},"elements":[],"isInner":false,"elType":"column"},{"id":"2f28fcb5","settings":{"_column_size":33,"_inline_size":69.201999999999998181010596454143524169921875},"elements":[{"id":"22b92cde","settings":{"image":{"url":"https:\/\/bumbeat.com\/wp-content\/uploads\/2020\/11\/Vermelho-Cyber-Monday-Cupom-Leaderboard.jpg","id":1061},"width":{"unit":"%","size":100,"sizes":[]},"space":{"unit":"%","size":100,"sizes":[]}},"elements":[],"isInner":false,"widgetType":"image","elType":"widget"}],"isInner":false,"elType":"column"},{"id":"6a63d5c0","settings":{"_column_size":33,"_inline_size":18.3900000000000005684341886080801486968994140625},"elements":[],"isInner":false,"elType":"column"}],"isInner":false,"elType":"section"},{"id":"441af8fc","settings":[],"elements":[{"id":"5d9930cb","settings":{"_column_size":100,"_inline_size":null},"elements":[{"id":"39a301da","settings":{"space":{"unit":"px","size":55,"sizes":[]}},"elements":[],"isInner":false,"widgetType":"spacer","elType":"widget"}],"isInner":false,"elType":"column"}],"isInner":false,"elType":"section"},{"id":"4951de9c","settings":{"structure":"30"},"elements":[{"id":"d1dfd20","settings":{"_column_size":33,"_inline_size":14.0679999999999996163069226895458996295928955078125},"elements":[],"isInner":false,"elType":"column"},{"id":"7ba61887","settings":{"_column_size":33,"_inline_size":67.9659999999999939745976007543504238128662109375,"border_border":"solid","border_width":{"unit":"px","top":"0","right":"0","bottom":"0","left":"7","isLinked":false},"border_color":"#C4170C","margin_mobile":{"unit":"px","top":"10","right":"10","bottom":"10","left":"10","isLinked":true},"padding_mobile":{"unit":"px","top":"10","right":"10","bottom":"10","left":"10","isLinked":true}},"elements":[{"id":"13daaf74","settings":{"editor":"<blockquote><p>H\u00e1 17 anos, a Lei 10639 foi aprovada para alterar a Lei de Diretrizes e Bases (LDB) e incluir no curr\u00edculo a obrigatoriedade do ensino da hist\u00f3ria e cultura afro-brasileira nas escolas p\u00fablicas e privadas do pa\u00eds. O objetivo \u00e9 resgatar a contribui\u00e7\u00e3o do negro na forma\u00e7\u00e3o da hist\u00f3ria e cultura do Brasil, sem restringir o tema \u00e0 escravid\u00e3o, elevando a auto-estima de alunos pretos e pardos. Embora exista h\u00e1 quase duas d\u00e9cadas, a lei ainda n\u00e3o est\u00e1 totalmente implementada nas escolas.<\/p><\/blockquote>","text_color":"#111111","typography_typography":"custom","typography_font_family":"Open Sans","typography_font_size":{"unit":"px","size":28,"sizes":[]},"typography_font_weight":"700","_margin":{"unit":"px","top":"-19","right":"0","bottom":"0","left":"0","isLinked":false},"_padding":{"unit":"px","top":"0","right":"0","bottom":"0","left":"0","isLinked":false},"_padding_mobile":{"unit":"px","top":"0","right":"0","bottom":"0","left":"0","isLinked":true},"__globals__":{"text_color":""}},"elements":[],"isInner":false,"widgetType":"text-editor","elType":"widget"}],"isInner":false,"elType":"column"},{"id":"5cd7833e","settings":{"_column_size":33,"_inline_size":17.577999999999999403144101961515843868255615234375},"elements":[],"isInner":false,"elType":"column"}],"isInner":false,"elType":"section"},{"id":"d10fb89","settings":[],"elements":[{"id":"705b4227","settings":{"_column_size":100,"_inline_size":null},"elements":[{"id":"1c2128f3","settings":{"space":{"unit":"px","size":10,"sizes":[]}},"elements":[],"isInner":false,"widgetType":"spacer","elType":"widget"}],"isInner":false,"elType":"column"}],"isInner":false,"elType":"section"},{"id":"7b619fd0","settings":{"structure":"30"},"elements":[{"id":"45a9dbb6","settings":{"_column_size":33,"_inline_size":14.2590000000000003410605131648480892181396484375},"elements":[],"isInner":false,"elType":"column"},{"id":"7ee78af2","settings":{"_column_size":33,"_inline_size":67.5859999999999985220711096189916133880615234375},"elements":[{"id":"2e1abeb4","settings":{"editor":"<p>\u201cS\u00e3o dois s\u00e9culos [do fim da escravid\u00e3o] e ainda n\u00e3o rompemos com essa imagens, do indiv\u00edduo negro ora submisso, ora perigoso\u201d, afirma a doutora em Hist\u00f3ria Pol\u00edtica Iamara da Silva Viana, professora da PUC-Rio.<\/p><p>\u00a0<\/p><p>\"A gente acha que exclus\u00e3o \u00e9 s\u00f3 falta de acesso \u00e0 escola. Mas ela tamb\u00e9m \u00e9 operada dentro da escola. N\u00e3o \u00e9 porque tem garantia de ingresso que todos v\u00e3o se sentir inclu\u00eddos no processo.<\/p><p>\u00a0<\/p><p>Presen\u00e7a f\u00edsica n\u00e3o \u00e9 sin\u00f4nimo de inclus\u00e3o\", afirma o professor e historiador Higor Ferreira, que pesquisa escravos, libertos e livres de cor na capital do Rio de Janeiro no s\u00e9culo 19.<\/p><p>\u00a0<\/p><p>Embora a primeira lei sobre educa\u00e7\u00e3o do Brasil, de 1827, n\u00e3o exclua os negros \u2013 porque \u201cn\u00e3o se precisa proibir o que n\u00e3o \u00e9 corriqueiro\u201d, segundo Ferreira \u2013 outra lei, editada pela Prov\u00edncia do Rio de Janeiro em 1837, proibia a presen\u00e7a de \"escravos e pretos africanos\" e de pessoas com \"mol\u00e9stias contagiosas\".<\/p><p>\u00a0<\/p><p>\u201cIsso demonstra que o cen\u00e1rio \u00e9 mais complexo do que se imagina. Quem tem mais propens\u00e3o a ficar com doen\u00e7a contagiosa? Comunidades mais pauperizadas, formadas por negros libertos ou filhos deles\u201d, afirma Ferreira.\u00a0<\/p><p>\u00a0<\/p><p>\u201cOs negros n\u00e3o s\u00e3o proibidos, eles podem ir \u00e0 escola, mas temos provas de que nem sempre a acolhida \u00e9 a melhor\u201d, afirma.<\/p><p>Dentro deste cen\u00e1rio, houve iniciativas lideradas por negros para educar seus filhos.\u00a0<\/p>","typography_typography":"custom","typography_font_family":"Open Sans","typography_font_size":{"unit":"px","size":20,"sizes":[]},"__globals__":{"text_color":"globals\/colors?id=text"}},"elements":[],"isInner":false,"widgetType":"text-editor","elType":"widget"}],"isInner":false,"elType":"column"},{"id":"1e05e255","settings":{"_column_size":33,"_inline_size":17.4549999999999982946974341757595539093017578125},"elements":[],"isInner":false,"elType":"column"}],"isInner":false,"elType":"section"},{"id":"7281406b","settings":{"structure":"30"},"elements":[{"id":"57fa8647","settings":{"_column_size":33,"_inline_size":13.9730000000000007531752999057061970233917236328125},"elements":[],"isInner":false,"elType":"column"},{"id":"2127d24a","settings":{"_column_size":33,"_inline_size":68.727000000000003865352482534945011138916015625},"elements":[{"id":"12467623","settings":{"space":{"unit":"px","size":17,"sizes":[]}},"elements":[],"isInner":false,"widgetType":"spacer","elType":"widget"},{"id":"bbe69e","settings":{"title":"Racismo na educa\u00e7\u00e3o","typography_typography":"custom","typography_font_family":"Open Sans","typography_font_size":{"unit":"px","size":32,"sizes":[]}},"elements":[],"isInner":false,"widgetType":"heading","elType":"widget"}],"isInner":false,"elType":"column"},{"id":"2b713484","settings":{"_column_size":33,"_inline_size":16.96399999999999863575794734060764312744140625},"elements":[],"isInner":false,"elType":"column"}],"isInner":false,"elType":"section"},{"id":"4d184e80","settings":{"structure":"30"},"elements":[{"id":"32f1a49b","settings":{"_column_size":33,"_inline_size":13.9730000000000007531752999057061970233917236328125},"elements":[],"isInner":false,"elType":"column"},{"id":"6d7c73dc","settings":{"_column_size":33,"_inline_size":67.9659999999999939745976007543504238128662109375},"elements":[{"id":"65bee67a","settings":{"image":{"url":"https:\/\/bumbeat.com\/wp-content\/uploads\/2020\/11\/c9c2d6bce3e199700d7d4ba6d17bd645.jpg","id":1076},"image_size":"full","caption_source":"custom","caption":"Foto de crian\u00e7a na escola por 39 030 ","caption_typography_typography":"custom","caption_typography_font_family":"Open Sans","caption_typography_font_size":{"unit":"px","size":12,"sizes":[]},"__globals__":{"text_color":"globals\/colors?id=text"}},"elements":[],"isInner":false,"widgetType":"image","elType":"widget"}],"isInner":false,"elType":"column"},{"id":"1801c00d","settings":{"_column_size":33,"_inline_size":17.361000000000000653699316899292171001434326171875},"elements":[],"isInner":false,"elType":"column"}],"isInner":false,"elType":"section"},{"id":"78fd7106","settings":{"structure":"30"},"elements":[{"id":"4087d91b","settings":{"_column_size":33,"_inline_size":14.163000000000000255795384873636066913604736328125},"elements":[],"isInner":false,"elType":"column"},{"id":"15e2b331","settings":{"_column_size":33,"_inline_size":68.441000000000002501110429875552654266357421875},"elements":[{"id":"1efce336","settings":{"space":{"unit":"px","size":21,"sizes":[]}},"elements":[],"isInner":false,"widgetType":"spacer","elType":"widget"},{"id":"322c18a6","settings":{"editor":"<p>\u201cS\u00e3o dois s\u00e9culos [do fim da escravid\u00e3o] e ainda n\u00e3o rompemos com essa imagens, do indiv\u00edduo negro ora submisso, ora perigoso\u201d, afirma a doutora em Hist\u00f3ria Pol\u00edtica Iamara da Silva Viana, professora da PUC-Rio.<\/p><p>\u00a0<\/p><p>\u00a0<\/p><p>\"A gente acha que exclus\u00e3o \u00e9 s\u00f3 falta de acesso \u00e0 escola. Mas ela tamb\u00e9m \u00e9 operada dentro da escola. N\u00e3o \u00e9 porque tem garantia de ingresso que todos v\u00e3o se sentir inclu\u00eddos no processo. Presen\u00e7a f\u00edsica n\u00e3o \u00e9 sin\u00f4nimo de inclus\u00e3o\", afirma o professor e historiador Higor Ferreira, que pesquisa escravos, libertos e livres de cor na capital do Rio de Janeiro no s\u00e9culo 19.<\/p><p>\u00a0<\/p><p>Embora a primeira lei sobre educa\u00e7\u00e3o do Brasil, de 1827, n\u00e3o exclua os negros \u2013 porque \u201cn\u00e3o se precisa proibir o que n\u00e3o \u00e9 corriqueiro\u201d, segundo Ferreira \u2013 outra lei, editada pela Prov\u00edncia do Rio de Janeiro em 1837, proibia a presen\u00e7a de \"escravos e pretos africanos\" e de pessoas com \"mol\u00e9stias contagiosas\".<\/p><p>\u00a0<\/p><p>\u201cIsso demonstra que o cen\u00e1rio \u00e9 mais complexo do que se imagina. Quem tem mais propens\u00e3o a ficar com doen\u00e7a contagiosa? Comunidades mais pauperizadas, formadas por negros libertos ou filhos deles\u201d, afirma Ferreira.\u00a0<\/p><p>\u00a0<\/p><p>\u201cOs negros n\u00e3o s\u00e3o proibidos, eles podem ir \u00e0 escola, mas temos provas de que nem sempre a acolhida \u00e9 a melhor\u201d, afirma.<\/p><p>Dentro deste cen\u00e1rio, houve iniciativas lideradas por negros para educar seus filhos.\u00a0<\/p><p>\u00a0<\/p><p>\u00a0<\/p><p>\u00a0<\/p>","typography_typography":"custom","typography_font_family":"Open Sans","typography_font_size":{"unit":"px","size":20,"sizes":[]},"__globals__":{"text_color":"globals\/colors?id=text"}},"elements":[],"isInner":false,"widgetType":"text-editor","elType":"widget"}],"isInner":false,"elType":"column"},{"id":"56b1eb77","settings":{"_column_size":33,"_inline_size":16.696000000000001506350599811412394046783447265625},"elements":[],"isInner":false,"elType":"column"}],"isInner":false,"elType":"section"},{"id":"7ba9a450","settings":{"structure":"30"},"elements":[{"id":"267f87b9","settings":{"_column_size":33,"_inline_size":13.83200000000000073896444519050419330596923828125},"elements":[],"isInner":false,"elType":"column"},{"id":"28e72431","settings":{"_column_size":33,"_inline_size":70.1869999999999976125764078460633754730224609375},"elements":[{"id":"37ae8f5e","settings":{"editor":"<p style=\"text-align: center;\"><span style=\"color: #c4170c;\"><a style=\"color: #c4170c;\" href=\"http:\/\/paginadevenda.com\">CLINQUE NO LINK E COMPROVE AGORA<\/a><\/span><\/p>","text_color":"#C4170C","typography_typography":"custom","typography_font_family":"Open Sans","typography_font_size":{"unit":"px","size":30,"sizes":[]},"typography_font_weight":"600"},"elements":[],"isInner":false,"widgetType":"text-editor","elType":"widget"}],"isInner":false,"elType":"column"},{"id":"531e562e","settings":{"_column_size":33,"_inline_size":15.644999999999999573674358543939888477325439453125},"elements":[],"isInner":false,"elType":"column"}],"isInner":false,"elType":"section"},{"id":"2f3324c8","settings":[],"elements":[{"id":"30044b20","settings":{"_column_size":100,"_inline_size":null},"elements":[{"id":"11109044","settings":{"space":{"unit":"px","size":26,"sizes":[]}},"elements":[],"isInner":false,"widgetType":"spacer","elType":"widget"}],"isInner":false,"elType":"column"}],"isInner":false,"elType":"section"},{"id":"7cfb26b8","settings":{"structure":"30"},"elements":[{"id":"302efe4d","settings":{"_column_size":33,"_inline_size":13.83200000000000073896444519050419330596923828125},"elements":[],"isInner":false,"elType":"column"},{"id":"48a4fa5f","settings":{"_column_size":33,"_inline_size":69.2519999999999953388396534137427806854248046875},"elements":[{"id":"554ea608","settings":{"image":{"url":"https:\/\/bumbeat.com\/wp-content\/uploads\/2020\/11\/Sem-titulo.jpg","id":1096}},"elements":[],"isInner":false,"widgetType":"image","elType":"widget"}],"isInner":false,"elType":"column"},{"id":"2a0423ba","settings":{"_column_size":33,"_inline_size":16.5799999999999982946974341757595539093017578125},"elements":[],"isInner":false,"elType":"column"}],"isInner":false,"elType":"section"},{"id":"b686adb","settings":{"structure":"30"},"elements":[{"id":"3ed7753d","settings":{"_column_size":33,"_inline_size":13.73799999999999954525264911353588104248046875},"elements":[],"isInner":false,"elType":"column"},{"id":"36d769e5","settings":{"_column_size":33,"_inline_size":69.2639999999999957935870043002068996429443359375},"elements":[{"id":"6486ffad","settings":{"editor":"<div class=\"feed-post-body-title gui-color-primary gui-color-hover \"><div class=\"_b\">\u00a0<\/div><p><img class=\"alignleft\" src=\"https:\/\/s2.glbimg.com\/hhxsRF9W0MnaTET5tTrzAsibp7s=\/630x751:4620x2995\/540x304\/smart\/filters:max_age(3600)\/https:\/\/i.s3.glbimg.com\/v1\/AUTH_59edd422c0c84a879bd37670ae4f538a\/internal_photos\/bs\/2020\/s\/G\/pAf4YpSc2tagYAYDNAWw\/2020-10-15t184623z-2010948402-rc26jj9hriv7-rtrmadp-3-health-coronavirus-brazil.jpg\" alt=\"Foto: (Amanda Perobelli\/Reuters)\" width=\"311\" height=\"175\" \/><\/p><div>\u00a0<\/div><div>Combate ao coronav\u00edrusCombate ao coronav\u00edrus<\/div><div class=\"feed-post-body-title gui-color-primary gui-color-hover \"><div><div class=\"feed-post-body-title gui-color-primary gui-color-hover \"><h3 class=\"_b\"><strong>Brasil v<\/strong><strong style=\"letter-spacing: 0px;\">olta a reduzir testes de Covid, essenciais para controlar pandemia<\/strong><\/h3><\/div><\/div><\/div><div>Outubro foi 2\u00ba m\u00eas seguido com queda, indicam dados do governo.Outubro foi 2\u00ba m\u00eas seguido com queda, indicam dados do governo.<\/div><\/div>","text_color":"#111111","typography_typography":"custom","typography_font_family":"Open Sans","__globals__":{"text_color":""}},"elements":[],"isInner":false,"widgetType":"text-editor","elType":"widget"}],"isInner":false,"elType":"column"},{"id":"3c1576c4","settings":{"_column_size":33,"_inline_size":16.66199999999999903366187936626374721527099609375},"elements":[],"isInner":false,"elType":"column"}],"isInner":false,"elType":"section"},{"id":"7563d3cc","settings":{"structure":"30"},"elements":[{"id":"57feedf9","settings":{"_column_size":33,"_inline_size":13.0950000000000006394884621840901672840118408203125},"elements":[],"isInner":false,"elType":"column"},{"id":"6ba4e1a8","settings":{"_column_size":33,"_inline_size":70.23799999999999954525264911353588104248046875},"elements":[{"id":"44803674","settings":{"editor":"<div class=\"feed-post-body-title gui-color-primary gui-color-hover \"><div class=\"_b\">\u00a0<\/div><p><img class=\"alignleft\" src=\"https:\/\/s2.glbimg.com\/bB3-36IanWKtN5b06RkToP8S7fw=\/0x253:3319x2120\/540x304\/smart\/filters:max_age(3600)\/https:\/\/i.s3.glbimg.com\/v1\/AUTH_59edd422c0c84a879bd37670ae4f538a\/internal_photos\/bs\/2020\/P\/L\/Uw7pt1SYS7QCZLJhFgLw\/2020-11-19t193347z-1062449798-rc2j6k92ma5m-rtrmadp-3-usa-election-trump.jpg\" width=\"323\" height=\"182\" \/>Acusa\u00e7\u00f5es sem provas. Acusa\u00e7\u00f5es sem provas<\/p><div class=\"feed-post-body-title gui-color-primary gui-color-hover \"><div><div class=\"feed-post-body-title gui-color-primary gui-color-hover \"><h3 class=\"_b\"><strong>Fraude v<\/strong><strong style=\"letter-spacing: 0px;\">olta a assolar\u00a0<\/strong><\/h3><\/div><\/div><\/div><div>A entrevista do ex-prefeito de Nova York e advogado pessoal do presidente.<\/div><\/div>","text_color":"#111111","typography_typography":"custom","typography_font_family":"Open Sans","__globals__":{"text_color":""}},"elements":[],"isInner":false,"widgetType":"text-editor","elType":"widget"}],"isInner":false,"elType":"column"},{"id":"9d3a89f","settings":{"_column_size":33,"_inline_size":16.330999999999999516830939683131873607635498046875},"elements":[],"isInner":false,"elType":"column"}],"isInner":false,"elType":"section"},{"id":"17ff17a0","settings":{"structure":"30"},"elements":[{"id":"77aab131","settings":{"_column_size":33,"_inline_size":25.047000000000000596855898038484156131744384765625},"elements":[],"isInner":false,"elType":"column"},{"id":"5378fa8","settings":{"_column_size":33,"_inline_size":41.284999999999996589394868351519107818603515625},"elements":[{"id":"3180d877","settings":{"editor":"<p style=\"text-align: center;\"><span style=\"color: #c4170c;\">VEJA MAIS\u00a0<\/span><\/p>","typography_typography":"custom","typography_font_family":"Open Sans","typography_font_size":{"unit":"px","size":20,"sizes":[]}},"elements":[],"isInner":false,"widgetType":"text-editor","elType":"widget"}],"isInner":false,"elType":"column"},{"id":"7930d5fb","settings":{"_column_size":33,"_inline_size":null},"elements":[],"isInner":false,"elType":"column"}],"isInner":false,"elType":"section"}]}